{"id":1272,"date":"2026-08-04T11:36:46","date_gmt":"2026-08-04T11:36:46","guid":{"rendered":"https:\/\/h2o.com.py\/obras\/?page_id=1272"},"modified":"2026-08-10T01:03:06","modified_gmt":"2026-08-10T01:03:06","slug":"trayectoria-ilustrada","status":"publish","type":"page","link":"https:\/\/h2o.com.py\/obras\/trayectoria-ilustrada\/","title":{"rendered":"TRAYECTORIA ILUSTRADA"},"content":{"rendered":"\t\t<div data-elementor-type=\"wp-page\" data-elementor-id=\"1272\" class=\"elementor elementor-1272\" data-elementor-post-type=\"page\">\n\t\t\t\t<div class=\"elementor-element elementor-element-68c85119 e-flex e-con-boxed e-con e-parent\" data-id=\"68c85119\" data-element_type=\"container\" data-e-type=\"container\">\n\t\t\t\t\t<div class=\"e-con-inner\">\n\t\t\t\t<div class=\"elementor-element elementor-element-aadb5d2 elementor-widget__width-initial elementor-widget elementor-widget-video\" data-id=\"aadb5d2\" data-element_type=\"widget\" data-e-type=\"widget\" data-settings=\"{&quot;youtube_url&quot;:&quot;https:\\\/\\\/www.youtube.com\\\/watch?v=Kxh-91w-u1s&amp;t=12s&quot;,&quot;start&quot;:0,&quot;end&quot;:0,&quot;video_type&quot;:&quot;youtube&quot;}\" data-widget_type=\"video.default\">\n\t\t\t\t\t\t\t<div class=\"elementor-wrapper elementor-open-inline\">\n\t\t\t<div class=\"elementor-video\"><\/div>\t\t<\/div>\n\t\t\t\t\t\t<\/div>\n\t\t\t\t<div class=\"elementor-element elementor-element-1c6666a1 elementor-widget__width-initial elementor-widget elementor-widget-text-editor\" data-id=\"1c6666a1\" data-element_type=\"widget\" data-e-type=\"widget\" data-widget_type=\"text-editor.default\">\n\t\t\t\t\t\t\t\t\t<h3>Trayectoria<\/h3><div>\u00a0<\/div><div>Fernando Amengual, es argentino (1962). Trabaj\u00f3 en al campo de la comunicaci\u00f3n, integrando las actividades de las artes visuales y el dise\u00f1o, con destacada actuaci\u00f3n como promotor cultural, motivador creativo, guionista de cine y editor de libros de arte y educativos. Radicado en Asunci\u00f3n (1995) participa en instalaciones, performances, ediciones y exposiciones de pinturas, objetos y fotograf\u00edas en Argentina y Paraguay.<\/div><div>\u00a0<\/div><div>Es \u201cLicenciado en Artes Visuales\u201d por el Instituto Universitario Nacional de Artes (Ar 2004). \u201cProfesor Nacional de Dibujo y Pintura\u201d por la Escuela Superior de Bellas Artes Prilidiano Pueyrred\u00f3n (Ar 1985). Fue profesor de dise\u00f1o gr\u00e1fico y de dise\u00f1o industrial en la Universidad Cat\u00f3lica de Asunci\u00f3n, y obtuvo las becas de posgrado en \u201cEstrategias de Comunicaci\u00f3n\u201d, M\u00e9xico, y \u201cDise\u00f1o Estrat\u00e9gico de Producto\u201d, Italia.<\/div><div>\u00a0<\/div><div>\u00a0<\/div><p><strong>Actividades<\/strong><\/p><p><em>\u00a0(* NOTA: En este documento, se mencionar\u00e1 el lugar geogr\u00e1fico solamente cuando no es realizado en Asunci\u00f3n de Paraguay.)<\/em><\/p><div><strong>2026<\/strong><\/div><div>\u00a0 \u00a0 \u00a0Expone pinturas en la\u00a0 exposici\u00f3n colectiva \u201cC\u00f3mplices\u201d en la galer\u00eda Casa Amarilla. Noche de galer\u00edas de ASGAPA. Asu-Py*.<\/div><div>\u00a0 \u00a0 \u00a0Publica im\u00e1genes de su obras destacadas en el libro de arte fino \u201cAVISPAs, una cartograf\u00eda del arte contempor\u00e1neo paraguayo\u201d.<\/div><div>\u00a0<\/div><div><strong>2024<\/strong><\/div><div>\u00a0 \u00a0 \u00a0Participa de la muestra colectiva \u201cLa emergencia\u201d en el Centro de Artes Visuales Museo del Barro. Una mirada sobre la colecci\u00f3n de Marcelo Barua.<\/div><div>\u00a0 \u00a0 \u00a0Es productor y realizador de \u201cIncurables\u201d, muestra colectiva de los miembros del Taller de artes visuales con texto y vos del curador generado por inteligencia artificial. Galer\u00eda Casa Amarilla.<\/div><div>\u00a0 \u00a0 \u00a0Presenta el texto curatorial de la exposici\u00f3n \u201dManar\u201d de Ingrid Seall. Centro Cultural del Lago, Aregu\u00e1-Py.<\/div><div>\u00a0 \u00a0 \u00a0Es editor del libro\/objeto de acuarelas de Hana Mrazova \u201cUna Villa Veraniega\u201d.<\/div><div>\u00a0<\/div><div><strong>2022<\/strong><\/div><div>\u00a0 \u00a0 \u00a0El cortometraje documental \u201cOtra Mano\u201d dirigido por Agu Netto, con guion y coproducci\u00f3n de Fernando Amengual obtiene el Premio Especial del Jurado de \u201cBabel Film Festival\u201d. Cagliari-Italia.<\/div><div>\u00a0 \u00a0 \u00a0\u201cLa persistencia de los sensible\u201d. Muestra colectiva en el Centro Cultural de Espa\u00f1a Juan de Salazar. Presenta el objeto y el videoarte \u201cLa costilla de Midas\u201d con texto de Flabio Grinblat.<\/div><div>\u00a0 \u00a0 \u00a0Realiza como coordinador del \u201cTaller de artes visuales\u201d la muestra colectiva \u201cLa obra en escena\u201d en el teatro Municipal de Asunci\u00f3n.<\/div><div>\u00a0 \u00a0 \u00a0Presenta el texto curatorial de la exposici\u00f3n \u201dPrisma vivo\u201d de Laura Giucich y Eda de los R\u00edos. Centro Cultural del Lago. Aregu\u00e1-Py.<\/div>\t\t\t\t\t\t\t\t<\/div>\n\t\t\t\t<div class=\"elementor-element elementor-element-784a78b elementor-widget__width-initial elementor-widget elementor-widget-text-editor\" data-id=\"784a78b\" data-element_type=\"widget\" data-e-type=\"widget\" data-widget_type=\"text-editor.default\">\n\t\t\t\t\t\t\t\t\t<div><div><strong>2021<\/strong><\/div><div>\u00a0 \u00a0 \u00a0\u201cPresenciales\u201d exposici\u00f3n individual de retratos al \u00f3leo realizados en los a\u00f1os \u00b480. Galer\u00eda Exaedro.<\/div><div>\u00a0 \u00a0 \u00a0\u201cPresenciales\u201d lanza audio-videos online de los retratos con poemas especialmente creados y grabados por los poetas Edgar Pou, M\u00f3nica Laneri, Cristino Bogado, Lourdes Ben\u00edtez, Miguelo Melgarejo, Lucy Yegros, Diego Ayala, Orlando Orue, Tessa Rivarola y Noelia Buticce.<\/div><div>\u201cTu otra Costilla\u201d. Objeto de bronce y m\u00e1rmol. Centro Cultural La Obradora.<\/div><div>\u00a0 \u00a0 \u00a0\u201cRetrato de Ana Ivanova\u201d. Performance de pintura al \u00f3leo en vivo. Oxigeno Feria de Arte. Plaza Moiety.<\/div><div>\u00a0 \u00a0 \u00a0Es editor del libro\/objeto de pinturas y haycus de Lucy Yegros \u201cVida de gatos\u201d.<\/div>\u00a0<\/div><div><strong>2019<\/strong><\/div><div>\u00a0 \u00a0 \u00a0\u201cEpisodios, pinturas + dibujos + objetos de Fernando Amengual 1080\/2019\u201d. Muestra retrospectiva. Espacio h2o.<\/div><div>\u00a0 \u00a0 \u00a0Presenta el libro de arte fino y cat\u00e1logo \u201cEpisodios: pinturas + dibujos + objetos de Fernando Amengual 1980\/2019\u201d. Espacio h2o.<\/div><div>\u00a0 \u00a0 \u00a0Realiza como coordinador del \u201cTaller de artes visuales\u201d la muestra colectiva \u201cMiradas Cruzadas\u201d en el Centro Cultural Manzana de la Rivera.<\/div><div>\u00a0<\/div><div><strong>2018<\/strong><\/div><div>\u00a0 \u00a0 \u00a0Es editor del la memoria visual \u201cFondec, 20 a\u00f1os apoyando la cultura\u201d editado por el Fondo nacional de la Cultura y las Artes.<\/div><div>\u00a0<\/div><div><strong>2017<\/strong><\/div><div>\u00a0 \u00a0 \u00a0Es editor de la revista de edici\u00f3n fina \u201cLa isla, ronda de arte y cultura\u201d lanzada por la Direcci\u00f3n General de Cultura de la Municipalidad de Asunci\u00f3n.<\/div><div>\u00a0<\/div><div><strong>2016<\/strong><\/div><div>\u00a0 \u00a0 \u00a0\u201cEmiliano\u201d. Instalaci\u00f3n de la Escultura Homenaje a Emiliano R. Fernandez. Fort\u00edn Nanawa-Chaco-Py.<\/div><div>\u00a0 \u00a0 \u00a0Su objeto \u00abAgua colorada\u00bb integra la Colecci\u00f3n Imago Mundi y se expone en Plaza del Duomo, Treviso, Italia.<\/div><div>\u00a0<\/div><div><strong>2013<\/strong><\/div><div>\u00a0 \u00a0 \u00a0\u201c:su mensaje no ha sido enviado\u201d. Men\u00faes y teclados. Centro Cultural Planta Alta.<\/div><div>Conferencia \u201cCharla que te Charla\u201d. Centro Cultural Planta Alta.<\/div><div>\u00a0 \u00a0 \u00a0Lanza el \u201cTaller de Artes Visuales, producci\u00f3n de obra\u201d. que coordina como Gu\u00eda y se desarrolla en diferentes centros culturales hasta el d\u00eda de hoy<\/div><div>\u00a0<\/div><div><strong>2012<\/strong><\/div><div>\u00a0 \u00a0 \u00a0\u201cRetratos Instant\u00e1neos\u201d. Performance de pinturas al \u00f3leos a personalidades en vivo. Galer\u00eda Ver\u00f3nica Torres. Mariscal L\u00f3pez Shopping.<\/div><div>\u00a0 \u00a0 \u00a0\u201cPoemas Marinos\u201d. Pinturas y objetos. Galer\u00eda Casa Mayor.<\/div><div>\u00a0<\/div><div><strong>2011<\/strong><\/div><div>\u00a0 \u00a0 \u00a0\u201cInstant\u00e1neas\u201d. Paisajes en vivo. Galer\u00eda Casa Mayor.<\/div><div>\u00a0 \u00a0 \u00a0\u201cTiempo Real\u201d. Relojes terap\u00e9uticos. F\u00e1brica Galer\u00eda de Arte.<\/div><div>\u00a0 \u00a0 \u00a0Impulsa como promotor cultural del proyecto de murales \u201cChacarita Creativa\u201d<\/div><div>\u00a0 \u00a0 \u00a0Es nombrado responsable de la comunicaci\u00f3n para el Bicentenario de la Rep\u00fablica de la secretar\u00eda de Cultura de la presidencia del Paraguay.<\/div><div>\u00a0 \u00a0 \u00a0Es editor de la memoria 2011 de la Secretar\u00eda Nacional de Cultura de la presidencia de la rep\u00fablica \u201cMadua\u201d.<\/div><div>\u00a0<\/div><div><strong>2010<\/strong><\/div><div>\u00a0 \u00a0 \u00a0\u201cAche-djawu \/ palabra-Ach\u00e9\u201d co-dise\u00f1a y participa del proyecto de \u201cRevitalizaci\u00f3n de la lengua y la cultura Ach\u00e9 por su propia comunidad, capacitaci\u00f3n orientada al fortalecimiento del patrimonio \u00e9tnico\u201d que resulta en la edici\u00f3n por la propia comunidad de un sistema de escritura, una gram\u00e1tica y un libro de historia y de fotograf\u00edas del pueblo Ach\u00e9.<\/div><div>\u00a0 \u00a0 \u00a0Es nombrado asesor para la confecci\u00f3n del Plan Maestro del Centro Hist\u00f3rico de Asunci\u00f3n (PlanCHA) que busca revitalizar y recuperar el legado hist\u00f3rico, urbano y arquitect\u00f3nico del centro hist\u00f3rico de la ciudad.<\/div><div>\u00a0<\/div><div><strong>2009<\/strong><\/div><div>\u00a0 \u00a0 \u00a0\u201cRetratos alla prima en vivo\u201d. Performance de pintura en vivo. Kamastro Arte Bar.<br \/>\u00a0 \u00a0 \u00a0\u00abCris\u00e1lidas \/ Tipograf\u00eda digital en Paraguay\u00bb libro impreso como memoria gr\u00e1fica del dise\u00f1o tipogr\u00e1fico en Py incluye los \u00abTipos reciclados\u00bb de Fernando Amengual.<\/div><div>\u00a0<\/div><div><strong>2008<\/strong><\/div><div>\u00a0 \u00a0 \u00a0Exposici\u00f3n colectiva \u00abTipograf\u00edas recicladas\u00bb, dise\u00f1o de familias tipogr\u00e1ficas. Bienal de Tipograf\u00edas Latinas. Centro Cultural de Espa\u00f1a.<\/div><div>\u00a0 \u00a0 \u00a0\u00abYo Shop\u00bb. Objetos de consumo imposible. Centro Cultural Larissa Gimenez.<\/div><div>Taller de arte: \u201cEspacio de producci\u00f3n\u201d. Coordina un taller de producci\u00f3n para artistas. Galer\u00eda Multiarte hasta el 2010.<\/div><div>\u00a0<\/div><div><strong>2007<\/strong><\/div><div>\u00a0 \u00a0 \u00a0Exposici\u00f3n colectiva \u201cTres sentidos\u201d, Muestra de Vidart, Amengual y Simone Herdrich. Galer\u00eda otro nivel.<\/div><div>\u00a0 \u00a0 \u00a0Exposici\u00f3n colectiva \u201cClick, fotograf\u00eda de autor\u201d, expone fotograf\u00edas en el centro Cultural Manzana de la Rivera.<\/div>\t\t\t\t\t\t\t\t<\/div>\n\t\t\t\t<div class=\"elementor-element elementor-element-7e817a4 elementor-widget__width-initial elementor-widget elementor-widget-image\" data-id=\"7e817a4\" data-element_type=\"widget\" data-e-type=\"widget\" data-widget_type=\"image.default\">\n\t\t\t\t\t\t\t\t\t\t\t\t<figure class=\"wp-caption\">\n\t\t\t\t\t\t\t\t\t\t<img fetchpriority=\"high\" decoding=\"async\" width=\"800\" height=\"533\" src=\"https:\/\/h2o.com.py\/obras\/wp-content\/uploads\/2026\/08\/516227079_10239642117297074_2347478346887457036_n-1024x682.jpg\" class=\"attachment-large size-large wp-image-1367\" alt=\"\" srcset=\"https:\/\/h2o.com.py\/obras\/wp-content\/uploads\/2026\/08\/516227079_10239642117297074_2347478346887457036_n-1024x682.jpg 1024w, https:\/\/h2o.com.py\/obras\/wp-content\/uploads\/2026\/08\/516227079_10239642117297074_2347478346887457036_n-300x200.jpg 300w, https:\/\/h2o.com.py\/obras\/wp-content\/uploads\/2026\/08\/516227079_10239642117297074_2347478346887457036_n.jpg 1100w\" sizes=\"(max-width: 800px) 100vw, 800px\" \/>\t\t\t\t\t\t\t\t\t\t\t<figcaption class=\"widget-image-caption wp-caption-text\">Comunidad Mbya Santa Teresa (2008) <\/figcaption>\n\t\t\t\t\t\t\t\t\t\t<\/figure>\n\t\t\t\t\t\t\t\t\t<\/div>\n\t\t\t\t<div class=\"elementor-element elementor-element-e8f4d13 elementor-widget__width-initial elementor-widget elementor-widget-text-editor\" data-id=\"e8f4d13\" data-element_type=\"widget\" data-e-type=\"widget\" data-widget_type=\"text-editor.default\">\n\t\t\t\t\t\t\t\t\t<div><strong>2006<\/strong><\/div><div>\u00a0 \u00a0 \u00a0\u201cTipograf\u00eda pac\u00edfica, free\u201d. P\u00e1gina de Net-Art.<\/div><div>\u00a0<\/div><div><strong>2005<\/strong><\/div><div>\u00a0 \u00a0 \u00a0Presenta el \u201cControl sexual\u201d, objeto intervenido y banner publicitario. Centro Cultural de Espa\u00f1a Juan de Zalazar en la muestra colectiva \u201cDiverso y semejante\u201d.<\/div><div>\u00a0 \u00a0 \u00a0\u201cTeor\u00eda y pr\u00e1ctica del ser\u201d. Presenta una p\u00e1gina de Net-Art en el contexto del Atlas del Deseo.<\/div><div>\u00a0<\/div><div><strong>2004<\/strong><\/div><div>\u00a0 \u00a0 \u00a0\u201cTaller Abierto\u201d. Realiza la muestra de proyectos de arte, dise\u00f1o y comunicaci\u00f3n\u00a0 acompa\u00f1ado de encuentros tem\u00e1ticos de reflexi\u00f3n y cursos.<\/div><div>\u00a0 \u00a0 \u00a0\u201cBiograf\u00edas Reciclables\u201d. Objetos informativos, en el marco de la I Feria Internacional del Libro, Cooperativa Coronel Oviedo. Caaguaz\u00fa-Py.<\/div><div>\u00a0 \u00a0 \u00a0Exposici\u00f3n colectiva \u201cPintura Ar en Py\u201d Shopping Mall Excelsior.<\/div><div>\u00a0 \u00a0 \u00a0\u201cTres poemas marinos\u201d Muestra de objetos y pinturas en el Colegio Goethe.<\/div><div>\u00a0 \u00a0 \u00a0Instalaci\u00f3n interactiva \u201cLa ley de la selva\u201d, esculturas, proyectores de fotograf\u00edas, transmisi\u00f3n de CNN noticias en directo y detectores de movimiento conectados a un software que hac\u00eda que las esculturas emitan sonidos. Centro Cultural de Espa\u00f1a Juan de Zalazar en la muestra colectiva de arte y tecnolog\u00eda \u201dAsuanima\u201d.<\/div><div>\u00a0 \u00a0 \u00a0\u201cBiograf\u00edas Reciclables\u201d exposici\u00f3n de objetos interactivos informativos acerca de la muerte de las lenguas y defensa de Tesis de Licenciatura en Artes Visuales, en la Universidad Nacional de las Artes UNA. Bs As-Ar.<\/div><div>\u00a0<\/div><div><strong>2003<\/strong><\/div><div>\u00a0 \u00a0 \u00a0Es editor el libro de fotograf\u00edas de autor: \u201cApuntes de un viaje de Fernando Amengual\u201d, editado por la Secretar\u00eda de Relaciones Exteriores de M\u00e9xico. Mx.<\/div><div>\u00a0 \u00a0 \u00a0Realiza la muestra individual de fotograf\u00edas titulada \u201cApuntes de un viaje\u201d en el Shopping del Sol.<\/div><div>\u00a0 \u00a0 \u00a0Presenta la \u201cgaler\u00eda de arte on line\u201d de sus obras en la Web.<\/div><div>\u00a0<\/div><div>\u00a0<\/div><div>\u00a0<\/div><div>\u00a0<\/div><div>&#8230;&#8230;&#8230;&#8230;<\/div>\t\t\t\t\t\t\t\t<\/div>\n\t\t\t\t<div class=\"elementor-element elementor-element-2f7c664 elementor-widget__width-initial elementor-widget elementor-widget-video\" data-id=\"2f7c664\" data-element_type=\"widget\" data-e-type=\"widget\" data-settings=\"{&quot;youtube_url&quot;:&quot;https:\\\/\\\/www.youtube.com\\\/watch?v=Kxh-91w-u1s&amp;t=12s&quot;,&quot;start&quot;:0,&quot;end&quot;:0,&quot;video_type&quot;:&quot;youtube&quot;}\" data-widget_type=\"video.default\">\n\t\t\t\t\t\t\t<div class=\"elementor-wrapper elementor-open-inline\">\n\t\t\t<div class=\"elementor-video\"><\/div>\t\t<\/div>\n\t\t\t\t\t\t<\/div>\n\t\t\t\t<div class=\"elementor-element elementor-element-c05db90 elementor-widget__width-initial elementor-widget elementor-widget-video\" data-id=\"c05db90\" data-element_type=\"widget\" data-e-type=\"widget\" data-settings=\"{&quot;youtube_url&quot;:&quot;https:\\\/\\\/www.youtube.com\\\/watch?v=Kxh-91w-u1s&amp;t=12s&quot;,&quot;start&quot;:0,&quot;end&quot;:0,&quot;video_type&quot;:&quot;youtube&quot;}\" data-widget_type=\"video.default\">\n\t\t\t\t\t\t\t<div class=\"elementor-wrapper elementor-open-inline\">\n\t\t\t<div class=\"elementor-video\"><\/div>\t\t<\/div>\n\t\t\t\t\t\t<\/div>\n\t\t\t\t\t<\/div>\n\t\t\t\t<\/div>\n\t\t<div class=\"elementor-element elementor-element-83ebaf1 e-flex e-con-boxed e-con e-parent\" data-id=\"83ebaf1\" data-element_type=\"container\" data-e-type=\"container\">\n\t\t\t\t\t<div class=\"e-con-inner\">\n\t\t\t\t<div class=\"elementor-element elementor-element-ae1ac7d elementor-widget__width-initial elementor-arrows-position-inside elementor-pagination-position-outside elementor-widget elementor-widget-image-carousel\" data-id=\"ae1ac7d\" data-element_type=\"widget\" data-e-type=\"widget\" data-settings=\"{&quot;slides_to_show&quot;:&quot;1&quot;,&quot;navigation&quot;:&quot;both&quot;,&quot;autoplay&quot;:&quot;yes&quot;,&quot;pause_on_hover&quot;:&quot;yes&quot;,&quot;pause_on_interaction&quot;:&quot;yes&quot;,&quot;autoplay_speed&quot;:5000,&quot;infinite&quot;:&quot;yes&quot;,&quot;effect&quot;:&quot;slide&quot;,&quot;speed&quot;:500}\" data-widget_type=\"image-carousel.default\">\n\t\t\t\t\t\t\t<div class=\"elementor-image-carousel-wrapper swiper\" role=\"region\" aria-roledescription=\"carousel\" aria-label=\"Carrusel de im\u00e1genes\" dir=\"ltr\">\n\t\t\t<div class=\"elementor-image-carousel swiper-wrapper\" aria-live=\"off\">\n\t\t\t\t\t\t\t\t<div class=\"swiper-slide\" role=\"group\" aria-roledescription=\"slide\" aria-label=\"1 de 7\"><figure class=\"swiper-slide-inner\"><img decoding=\"async\" class=\"swiper-slide-image\" src=\"https:\/\/h2o.com.py\/obras\/wp-content\/uploads\/2016\/08\/7-690x1024.jpg\" alt=\"7\" \/><\/figure><\/div><div class=\"swiper-slide\" role=\"group\" aria-roledescription=\"slide\" aria-label=\"2 de 7\"><figure class=\"swiper-slide-inner\"><img decoding=\"async\" class=\"swiper-slide-image\" src=\"https:\/\/h2o.com.py\/obras\/wp-content\/uploads\/2016\/08\/6-690x1024.jpg\" alt=\"El Unicornio Azul\" \/><\/figure><\/div><div class=\"swiper-slide\" role=\"group\" aria-roledescription=\"slide\" aria-label=\"3 de 7\"><figure class=\"swiper-slide-inner\"><img decoding=\"async\" class=\"swiper-slide-image\" src=\"https:\/\/h2o.com.py\/obras\/wp-content\/uploads\/2016\/08\/5-690x1024.jpg\" alt=\"Careta\" \/><\/figure><\/div><div class=\"swiper-slide\" role=\"group\" aria-roledescription=\"slide\" aria-label=\"4 de 7\"><figure class=\"swiper-slide-inner\"><img decoding=\"async\" class=\"swiper-slide-image\" src=\"https:\/\/h2o.com.py\/obras\/wp-content\/uploads\/2016\/08\/4-690x1024.jpg\" alt=\"Las diferentes hojas\" \/><\/figure><\/div><div class=\"swiper-slide\" role=\"group\" aria-roledescription=\"slide\" aria-label=\"5 de 7\"><figure class=\"swiper-slide-inner\"><img decoding=\"async\" class=\"swiper-slide-image\" src=\"https:\/\/h2o.com.py\/obras\/wp-content\/uploads\/2016\/08\/3-690x1024.jpg\" alt=\"Careta\" \/><\/figure><\/div><div class=\"swiper-slide\" role=\"group\" aria-roledescription=\"slide\" aria-label=\"6 de 7\"><figure class=\"swiper-slide-inner\"><img decoding=\"async\" class=\"swiper-slide-image\" src=\"https:\/\/h2o.com.py\/obras\/wp-content\/uploads\/2016\/08\/2-690x1024.jpg\" alt=\"Altar\" \/><\/figure><\/div><div class=\"swiper-slide\" role=\"group\" aria-roledescription=\"slide\" aria-label=\"7 de 7\"><figure class=\"swiper-slide-inner\"><img decoding=\"async\" class=\"swiper-slide-image\" src=\"https:\/\/h2o.com.py\/obras\/wp-content\/uploads\/2016\/08\/1-690x1024.jpg\" alt=\"El Bellaco\" \/><\/figure><\/div>\t\t\t<\/div>\n\t\t\t\t\t\t\t\t\t\t\t\t<div class=\"elementor-swiper-button elementor-swiper-button-prev\" role=\"button\" tabindex=\"0\">\n\t\t\t\t\t\t<svg aria-hidden=\"true\" class=\"e-font-icon-svg e-eicon-chevron-left\" viewBox=\"0 0 1000 1000\" xmlns=\"http:\/\/www.w3.org\/2000\/svg\"><path d=\"M646 125C629 125 613 133 604 142L308 442C296 454 292 471 292 487 292 504 296 521 308 533L604 854C617 867 629 875 646 875 663 875 679 871 692 858 704 846 713 829 713 812 713 796 708 779 692 767L438 487 692 225C700 217 708 204 708 187 708 171 704 154 692 142 675 129 663 125 646 125Z\"><\/path><\/svg>\t\t\t\t\t<\/div>\n\t\t\t\t\t<div class=\"elementor-swiper-button elementor-swiper-button-next\" role=\"button\" tabindex=\"0\">\n\t\t\t\t\t\t<svg aria-hidden=\"true\" class=\"e-font-icon-svg e-eicon-chevron-right\" viewBox=\"0 0 1000 1000\" xmlns=\"http:\/\/www.w3.org\/2000\/svg\"><path d=\"M696 533C708 521 713 504 713 487 713 471 708 454 696 446L400 146C388 133 375 125 354 125 338 125 325 129 313 142 300 154 292 171 292 187 292 204 296 221 308 233L563 492 304 771C292 783 288 800 288 817 288 833 296 850 308 863 321 871 338 875 354 875 371 875 388 867 400 854L696 533Z\"><\/path><\/svg>\t\t\t\t\t<\/div>\n\t\t\t\t\n\t\t\t\t\t\t\t\t\t<div class=\"swiper-pagination\"><\/div>\n\t\t\t\t\t\t\t\t\t<\/div>\n\t\t\t\t\t\t<\/div>\n\t\t\t\t<div class=\"elementor-element elementor-element-e88cfb3 elementor-widget__width-initial elementor-widget elementor-widget-text-editor\" data-id=\"e88cfb3\" data-element_type=\"widget\" data-e-type=\"widget\" data-widget_type=\"text-editor.default\">\n\t\t\t\t\t\t\t\t\t<div><div><div><div><strong>2002<\/strong><\/div><div>\u00a0 \u00a0 \u00a0Realiza la muestra individual de fotograf\u00edas titulada \u201cApuntes de un viaje\u201d en el Shopping Mariscal L\u00f3pez.<\/div><div>\u00a0 \u00a0 \u00a0La <a href=\"https:\/\/luc.devroye.org\/fonts-51048.html\">Universidad McGill lanza la p\u00e1gina web dedicada a las tipograf\u00edas de Amengual<\/a>. Montreal-Canada.<\/div><\/div><\/div><\/div>\t\t\t\t\t\t\t\t<\/div>\n\t\t\t\t<div class=\"elementor-element elementor-element-7b677eb elementor-widget__width-initial elementor-widget elementor-widget-text-editor\" data-id=\"7b677eb\" data-element_type=\"widget\" data-e-type=\"widget\" data-widget_type=\"text-editor.default\">\n\t\t\t\t\t\t\t\t\t<div><div><div><strong>2001<\/strong><\/div><div>\u00a0 \u00a0 \u00a0Realiza la muestra individual de pinturas \u201cDos Memorias\u201d en el Centro Cultural Citibank.<\/div><div>\u00a0 \u00a0 \u00a0Exposici\u00f3n colectiva Letras Latinas. Expone dise\u00f1os de \u201ctipograf\u00edas experimentales\u201d, Centro Cultural Borges y en la Universidad de La Plata, Bs As-La Plata-Ar.<\/div><div>\u00a0<\/div><div>&#8230;&#8230;&#8230;&#8230;&#8230;&#8230;<\/div><\/div><\/div>\t\t\t\t\t\t\t\t<\/div>\n\t\t\t\t<div class=\"elementor-element elementor-element-cf27c64 elementor-widget__width-initial elementor-arrows-position-inside elementor-pagination-position-outside elementor-widget elementor-widget-image-carousel\" data-id=\"cf27c64\" data-element_type=\"widget\" data-e-type=\"widget\" data-settings=\"{&quot;slides_to_show&quot;:&quot;1&quot;,&quot;navigation&quot;:&quot;both&quot;,&quot;autoplay&quot;:&quot;yes&quot;,&quot;pause_on_hover&quot;:&quot;yes&quot;,&quot;pause_on_interaction&quot;:&quot;yes&quot;,&quot;autoplay_speed&quot;:5000,&quot;infinite&quot;:&quot;yes&quot;,&quot;effect&quot;:&quot;slide&quot;,&quot;speed&quot;:500}\" data-widget_type=\"image-carousel.default\">\n\t\t\t\t\t\t\t<div class=\"elementor-image-carousel-wrapper swiper\" role=\"region\" aria-roledescription=\"carousel\" aria-label=\"Carrusel de im\u00e1genes\" dir=\"ltr\">\n\t\t\t<div class=\"elementor-image-carousel swiper-wrapper\" aria-live=\"off\">\n\t\t\t\t\t\t\t\t<div class=\"swiper-slide\" role=\"group\" aria-roledescription=\"slide\" aria-label=\"1 de 7\"><figure class=\"swiper-slide-inner\"><img decoding=\"async\" class=\"swiper-slide-image\" src=\"https:\/\/h2o.com.py\/obras\/wp-content\/uploads\/2016\/08\/7-690x1024.jpg\" alt=\"7\" \/><\/figure><\/div><div class=\"swiper-slide\" role=\"group\" aria-roledescription=\"slide\" aria-label=\"2 de 7\"><figure class=\"swiper-slide-inner\"><img decoding=\"async\" class=\"swiper-slide-image\" src=\"https:\/\/h2o.com.py\/obras\/wp-content\/uploads\/2016\/08\/6-690x1024.jpg\" alt=\"El Unicornio Azul\" \/><\/figure><\/div><div class=\"swiper-slide\" role=\"group\" aria-roledescription=\"slide\" aria-label=\"3 de 7\"><figure class=\"swiper-slide-inner\"><img decoding=\"async\" class=\"swiper-slide-image\" src=\"https:\/\/h2o.com.py\/obras\/wp-content\/uploads\/2016\/08\/5-690x1024.jpg\" alt=\"Careta\" \/><\/figure><\/div><div class=\"swiper-slide\" role=\"group\" aria-roledescription=\"slide\" aria-label=\"4 de 7\"><figure class=\"swiper-slide-inner\"><img decoding=\"async\" class=\"swiper-slide-image\" src=\"https:\/\/h2o.com.py\/obras\/wp-content\/uploads\/2016\/08\/4-690x1024.jpg\" alt=\"Las diferentes hojas\" \/><\/figure><\/div><div class=\"swiper-slide\" role=\"group\" aria-roledescription=\"slide\" aria-label=\"5 de 7\"><figure class=\"swiper-slide-inner\"><img decoding=\"async\" class=\"swiper-slide-image\" src=\"https:\/\/h2o.com.py\/obras\/wp-content\/uploads\/2016\/08\/3-690x1024.jpg\" alt=\"Careta\" \/><\/figure><\/div><div class=\"swiper-slide\" role=\"group\" aria-roledescription=\"slide\" aria-label=\"6 de 7\"><figure class=\"swiper-slide-inner\"><img decoding=\"async\" class=\"swiper-slide-image\" src=\"https:\/\/h2o.com.py\/obras\/wp-content\/uploads\/2016\/08\/2-690x1024.jpg\" alt=\"Altar\" \/><\/figure><\/div><div class=\"swiper-slide\" role=\"group\" aria-roledescription=\"slide\" aria-label=\"7 de 7\"><figure class=\"swiper-slide-inner\"><img decoding=\"async\" class=\"swiper-slide-image\" src=\"https:\/\/h2o.com.py\/obras\/wp-content\/uploads\/2016\/08\/1-690x1024.jpg\" alt=\"El Bellaco\" \/><\/figure><\/div>\t\t\t<\/div>\n\t\t\t\t\t\t\t\t\t\t\t\t<div class=\"elementor-swiper-button elementor-swiper-button-prev\" role=\"button\" tabindex=\"0\">\n\t\t\t\t\t\t<svg aria-hidden=\"true\" class=\"e-font-icon-svg e-eicon-chevron-left\" viewBox=\"0 0 1000 1000\" xmlns=\"http:\/\/www.w3.org\/2000\/svg\"><path d=\"M646 125C629 125 613 133 604 142L308 442C296 454 292 471 292 487 292 504 296 521 308 533L604 854C617 867 629 875 646 875 663 875 679 871 692 858 704 846 713 829 713 812 713 796 708 779 692 767L438 487 692 225C700 217 708 204 708 187 708 171 704 154 692 142 675 129 663 125 646 125Z\"><\/path><\/svg>\t\t\t\t\t<\/div>\n\t\t\t\t\t<div class=\"elementor-swiper-button elementor-swiper-button-next\" role=\"button\" tabindex=\"0\">\n\t\t\t\t\t\t<svg aria-hidden=\"true\" class=\"e-font-icon-svg e-eicon-chevron-right\" viewBox=\"0 0 1000 1000\" xmlns=\"http:\/\/www.w3.org\/2000\/svg\"><path d=\"M696 533C708 521 713 504 713 487 713 471 708 454 696 446L400 146C388 133 375 125 354 125 338 125 325 129 313 142 300 154 292 171 292 187 292 204 296 221 308 233L563 492 304 771C292 783 288 800 288 817 288 833 296 850 308 863 321 871 338 875 354 875 371 875 388 867 400 854L696 533Z\"><\/path><\/svg>\t\t\t\t\t<\/div>\n\t\t\t\t\n\t\t\t\t\t\t\t\t\t<div class=\"swiper-pagination\"><\/div>\n\t\t\t\t\t\t\t\t\t<\/div>\n\t\t\t\t\t\t<\/div>\n\t\t\t\t\t<\/div>\n\t\t\t\t<\/div>\n\t\t<div class=\"elementor-element elementor-element-3105b36 e-flex e-con-boxed e-con e-parent\" data-id=\"3105b36\" data-element_type=\"container\" data-e-type=\"container\">\n\t\t\t\t\t<div class=\"e-con-inner\">\n\t\t\t\t<div class=\"elementor-element elementor-element-6cc93cb elementor-widget__width-initial elementor-widget elementor-widget-text-editor\" data-id=\"6cc93cb\" data-element_type=\"widget\" data-e-type=\"widget\" data-widget_type=\"text-editor.default\">\n\t\t\t\t\t\t\t\t\t<div><div><strong>1985<\/strong><\/div><div>\u00a0 \u00a0 \u00a0Recibe el T\u00edtulo de Profesor Superior de Pintura por la Escuela Nacional de Bellas Artes Prilidiano Pueyrred\u00f3n. Bs As-Ar.<\/div><div>Expone xilograf\u00edas y objetos en la Escuela Superior de bellas Artes \u00abPrilidiano Pueyrred\u00f3n\u00bb.<\/div><div>\u00a0 \u00a0 \u00a0Es seleccionado como finalista de la beca de Maestr\u00eda en Artes Pl\u00e1sticas de la Universidad de M\u00e9xico que otorga el gobierno de M\u00e9xico.\u00a0Bs As-Ar.<\/div><\/div>\t\t\t\t\t\t\t\t<\/div>\n\t\t\t\t<div class=\"elementor-element elementor-element-2c531c7 elementor-widget__width-initial elementor-arrows-position-inside elementor-pagination-position-outside elementor-widget elementor-widget-image-carousel\" data-id=\"2c531c7\" data-element_type=\"widget\" data-e-type=\"widget\" data-settings=\"{&quot;slides_to_show&quot;:&quot;1&quot;,&quot;navigation&quot;:&quot;both&quot;,&quot;effect&quot;:&quot;slide&quot;,&quot;speed&quot;:500}\" data-widget_type=\"image-carousel.default\">\n\t\t\t\t\t\t\t<div class=\"elementor-image-carousel-wrapper swiper\" role=\"region\" aria-roledescription=\"carousel\" aria-label=\"Carrusel de im\u00e1genes\" dir=\"ltr\">\n\t\t\t<div class=\"elementor-image-carousel swiper-wrapper\" aria-live=\"polite\">\n\t\t\t\t\t\t\t\t<div class=\"swiper-slide\" role=\"group\" aria-roledescription=\"slide\" aria-label=\"1 de 5\"><figure class=\"swiper-slide-inner\"><img decoding=\"async\" class=\"swiper-slide-image\" src=\"https:\/\/h2o.com.py\/obras\/wp-content\/uploads\/2026\/08\/MG_2527.jpg\" alt=\"_MG_2527\" \/><\/figure><\/div><div class=\"swiper-slide\" role=\"group\" aria-roledescription=\"slide\" aria-label=\"2 de 5\"><figure class=\"swiper-slide-inner\"><img decoding=\"async\" class=\"swiper-slide-image\" src=\"https:\/\/h2o.com.py\/obras\/wp-content\/uploads\/2026\/08\/MG_2539.jpg\" alt=\"_MG_2539\" \/><\/figure><\/div><div class=\"swiper-slide\" role=\"group\" aria-roledescription=\"slide\" aria-label=\"3 de 5\"><figure class=\"swiper-slide-inner\"><img decoding=\"async\" class=\"swiper-slide-image\" src=\"https:\/\/h2o.com.py\/obras\/wp-content\/uploads\/2026\/08\/12-b-IMG_7004.jpg\" alt=\"12-b IMG_7004\" \/><\/figure><\/div><div class=\"swiper-slide\" role=\"group\" aria-roledescription=\"slide\" aria-label=\"4 de 5\"><figure class=\"swiper-slide-inner\"><img decoding=\"async\" class=\"swiper-slide-image\" src=\"https:\/\/h2o.com.py\/obras\/wp-content\/uploads\/2026\/08\/IMG_7001.jpg\" alt=\"IMG_7001\" \/><\/figure><\/div><div class=\"swiper-slide\" role=\"group\" aria-roledescription=\"slide\" aria-label=\"5 de 5\"><figure class=\"swiper-slide-inner\"><img decoding=\"async\" class=\"swiper-slide-image\" src=\"https:\/\/h2o.com.py\/obras\/wp-content\/uploads\/2026\/08\/IMG_7003.jpg\" alt=\"IMG_7003\" \/><\/figure><\/div>\t\t\t<\/div>\n\t\t\t\t\t\t\t\t\t\t\t\t<div class=\"elementor-swiper-button elementor-swiper-button-prev\" role=\"button\" tabindex=\"0\">\n\t\t\t\t\t\t<svg aria-hidden=\"true\" class=\"e-font-icon-svg e-eicon-chevron-left\" viewBox=\"0 0 1000 1000\" xmlns=\"http:\/\/www.w3.org\/2000\/svg\"><path d=\"M646 125C629 125 613 133 604 142L308 442C296 454 292 471 292 487 292 504 296 521 308 533L604 854C617 867 629 875 646 875 663 875 679 871 692 858 704 846 713 829 713 812 713 796 708 779 692 767L438 487 692 225C700 217 708 204 708 187 708 171 704 154 692 142 675 129 663 125 646 125Z\"><\/path><\/svg>\t\t\t\t\t<\/div>\n\t\t\t\t\t<div class=\"elementor-swiper-button elementor-swiper-button-next\" role=\"button\" tabindex=\"0\">\n\t\t\t\t\t\t<svg aria-hidden=\"true\" class=\"e-font-icon-svg e-eicon-chevron-right\" viewBox=\"0 0 1000 1000\" xmlns=\"http:\/\/www.w3.org\/2000\/svg\"><path d=\"M696 533C708 521 713 504 713 487 713 471 708 454 696 446L400 146C388 133 375 125 354 125 338 125 325 129 313 142 300 154 292 171 292 187 292 204 296 221 308 233L563 492 304 771C292 783 288 800 288 817 288 833 296 850 308 863 321 871 338 875 354 875 371 875 388 867 400 854L696 533Z\"><\/path><\/svg>\t\t\t\t\t<\/div>\n\t\t\t\t\n\t\t\t\t\t\t\t\t\t<div class=\"swiper-pagination\"><\/div>\n\t\t\t\t\t\t\t\t\t<\/div>\n\t\t\t\t\t\t<\/div>\n\t\t\t\t<div class=\"elementor-element elementor-element-b076352 elementor-widget__width-initial elementor-widget elementor-widget-text-editor\" data-id=\"b076352\" data-element_type=\"widget\" data-e-type=\"widget\" data-widget_type=\"text-editor.default\">\n\t\t\t\t\t\t\t\t\t<div><strong>1984<\/strong><\/div><div>\u00a0 \u00a0 \u00a0Se desempe\u00f1a como editor gr\u00e1fico de la revista \u201cArte informa \/ Artinf\u201d hasta el a\u00f1o 1994. Bs As-Ar.<\/div><div>\u00a0 \u00a0 \u00a0Participa de la creaci\u00f3n y actividades del grupo CAPATACO (Colectivo de Arte Participativo Tarifa Com\u00fan). El colectivo de artistas interviene en la realidad pol\u00edtica, en el campo de los derechos humanos, participando en obras y performance callejeras grupales como: Campa\u00f1a de Puntos en la ciudad, contra la Ley de punto Final; Murga de la Moratoria, desfile en el Carnaval de Buenos Aires; y otras acciones callejeras. (1985\/89) Bs As-Ar.<\/div>\t\t\t\t\t\t\t\t<\/div>\n\t\t\t\t<div class=\"elementor-element elementor-element-b7f82e9 elementor-widget__width-initial elementor-widget elementor-widget-image\" data-id=\"b7f82e9\" data-element_type=\"widget\" data-e-type=\"widget\" data-widget_type=\"image.default\">\n\t\t\t\t\t\t\t\t\t\t\t\t<figure class=\"wp-caption\">\n\t\t\t\t\t\t\t\t\t\t<img decoding=\"async\" width=\"800\" height=\"495\" src=\"https:\/\/h2o.com.py\/obras\/wp-content\/uploads\/2026\/08\/magnific_BhmuU43oQR-02-1024x633.png\" class=\"attachment-large size-large wp-image-1362\" alt=\"\" srcset=\"https:\/\/h2o.com.py\/obras\/wp-content\/uploads\/2026\/08\/magnific_BhmuU43oQR-02-1024x633.png 1024w, https:\/\/h2o.com.py\/obras\/wp-content\/uploads\/2026\/08\/magnific_BhmuU43oQR-02-300x186.png 300w, https:\/\/h2o.com.py\/obras\/wp-content\/uploads\/2026\/08\/magnific_BhmuU43oQR-02.png 1080w\" sizes=\"(max-width: 800px) 100vw, 800px\" \/>\t\t\t\t\t\t\t\t\t\t\t<figcaption class=\"widget-image-caption wp-caption-text\">Murga de la Moratoria, Capataco. 1984<\/figcaption>\n\t\t\t\t\t\t\t\t\t\t<\/figure>\n\t\t\t\t\t\t\t\t\t<\/div>\n\t\t\t\t\t<\/div>\n\t\t\t\t<\/div>\n\t\t<div class=\"elementor-element elementor-element-32cbb02 e-flex e-con-boxed e-con e-parent\" data-id=\"32cbb02\" data-element_type=\"container\" data-e-type=\"container\">\n\t\t\t\t\t<div class=\"e-con-inner\">\n\t\t\t\t<div class=\"elementor-element elementor-element-c4a3036 elementor-widget__width-initial elementor-widget elementor-widget-text-editor\" data-id=\"c4a3036\" data-element_type=\"widget\" data-e-type=\"widget\" data-widget_type=\"text-editor.default\">\n\t\t\t\t\t\t\t\t\t<div><strong>1983<\/strong><\/div><div>\u00a0 \u00a0 \u00a0Es participante y organizador del \u201cSiluetazo\u201d, hist\u00f3rica obra de arte colectiva, social y perform\u00e1tica impulsada por las organizaciones de derechos humanos para denunciar la desaparici\u00f3n de personas realizada por la dictadura c\u00edvico militar. Bs As-Ar.<\/div><div>\u00a0 \u00a0 \u00a0Es seleccionado en el Premio Braque de Grabado y expone dentro de este evento en el Museo Eduardo S\u00edvori. Bs As-Ar.<\/div>\t\t\t\t\t\t\t\t<\/div>\n\t\t\t\t<div class=\"elementor-element elementor-element-c2b2ce2 elementor-widget__width-initial elementor-widget elementor-widget-image\" data-id=\"c2b2ce2\" data-element_type=\"widget\" data-e-type=\"widget\" data-widget_type=\"image.default\">\n\t\t\t\t\t\t\t\t\t\t\t\t<figure class=\"wp-caption\">\n\t\t\t\t\t\t\t\t\t\t<img decoding=\"async\" width=\"474\" height=\"331\" src=\"https:\/\/h2o.com.py\/obras\/wp-content\/uploads\/2026\/08\/OIP.webp\" class=\"attachment-large size-large wp-image-1296\" alt=\"\" srcset=\"https:\/\/h2o.com.py\/obras\/wp-content\/uploads\/2026\/08\/OIP.webp 474w, https:\/\/h2o.com.py\/obras\/wp-content\/uploads\/2026\/08\/OIP-300x209.webp 300w\" sizes=\"(max-width: 474px) 100vw, 474px\" \/>\t\t\t\t\t\t\t\t\t\t\t<figcaption class=\"widget-image-caption wp-caption-text\">Siluetazo 1983.<\/figcaption>\n\t\t\t\t\t\t\t\t\t\t<\/figure>\n\t\t\t\t\t\t\t\t\t<\/div>\n\t\t\t\t\t<\/div>\n\t\t\t\t<\/div>\n\t\t<div class=\"elementor-element elementor-element-1093ad8 e-flex e-con-boxed e-con e-parent\" data-id=\"1093ad8\" data-element_type=\"container\" data-e-type=\"container\">\n\t\t\t\t\t<div class=\"e-con-inner\">\n\t\t\t\t<div class=\"elementor-element elementor-element-bcf956f elementor-widget__width-initial elementor-widget elementor-widget-text-editor\" data-id=\"bcf956f\" data-element_type=\"widget\" data-e-type=\"widget\" data-widget_type=\"text-editor.default\">\n\t\t\t\t\t\t\t\t\t<p><strong>1982<\/strong><\/p><p>\u00a0 \u00a0 \u00a0Es seleccionado en el Premio Fundaci\u00f3n Esso y expone en este marco en el Museo Eduardo S\u00edvori. Bs As-Ar.<\/p><p>\u00a0 \u00a0 \u00a0Expone pinturas en la muestra colectiva del Sal\u00f3n Est\u00edmulo de Bellas Artes. Bs As-Ar.<\/p>\t\t\t\t\t\t\t\t<\/div>\n\t\t\t\t\t<\/div>\n\t\t\t\t<\/div>\n\t\t<div class=\"elementor-element elementor-element-bf835cc e-flex e-con-boxed e-con e-parent\" data-id=\"bf835cc\" data-element_type=\"container\" data-e-type=\"container\">\n\t\t\t\t\t<div class=\"e-con-inner\">\n\t\t\t\t<div class=\"elementor-element elementor-element-31d595e elementor-widget__width-initial elementor-widget elementor-widget-text-editor\" data-id=\"31d595e\" data-element_type=\"widget\" data-e-type=\"widget\" data-widget_type=\"text-editor.default\">\n\t\t\t\t\t\t\t\t\t<p><strong>1981<\/strong><\/p><p>\u00a0 \u00a0 \u00a0Participa como coordinador de mesa en las Sextas Jornadas del Color y de la Forma, Centro Cultural de la ciudad de Buenos Aires \/ Museo S\u00edvori. Bs As-Ar<\/p>\t\t\t\t\t\t\t\t<\/div>\n\t\t\t\t\t<\/div>\n\t\t\t\t<\/div>\n\t\t\t\t<\/div>\n\t\t","protected":false},"excerpt":{"rendered":"<p>https:\/\/www.youtube.com\/watch?v=Kxh-91w-u1s&#038;t=12s Trayectoria \u00a0Fernando Amengual, es argentino (1962). Trabaj\u00f3 en al campo de la comunicaci\u00f3n, integrando las actividades de las artes visuales y el dise\u00f1o, con destacada actuaci\u00f3n como promotor cultural, motivador creativo, guionista de cine y editor de libros de arte y educativos. Radicado en Asunci\u00f3n (1995) participa en instalaciones, performances, ediciones y exposiciones de [&hellip;]<\/p>\n","protected":false},"author":2,"featured_media":1219,"parent":0,"menu_order":0,"comment_status":"closed","ping_status":"closed","template":"","meta":{"footnotes":""},"class_list":["post-1272","page","type-page","status-publish","has-post-thumbnail","hentry"],"_links":{"self":[{"href":"https:\/\/h2o.com.py\/obras\/wp-json\/wp\/v2\/pages\/1272","targetHints":{"allow":["GET"]}}],"collection":[{"href":"https:\/\/h2o.com.py\/obras\/wp-json\/wp\/v2\/pages"}],"about":[{"href":"https:\/\/h2o.com.py\/obras\/wp-json\/wp\/v2\/types\/page"}],"author":[{"embeddable":true,"href":"https:\/\/h2o.com.py\/obras\/wp-json\/wp\/v2\/users\/2"}],"replies":[{"embeddable":true,"href":"https:\/\/h2o.com.py\/obras\/wp-json\/wp\/v2\/comments?post=1272"}],"version-history":[{"count":82,"href":"https:\/\/h2o.com.py\/obras\/wp-json\/wp\/v2\/pages\/1272\/revisions"}],"predecessor-version":[{"id":1377,"href":"https:\/\/h2o.com.py\/obras\/wp-json\/wp\/v2\/pages\/1272\/revisions\/1377"}],"wp:featuredmedia":[{"embeddable":true,"href":"https:\/\/h2o.com.py\/obras\/wp-json\/wp\/v2\/media\/1219"}],"wp:attachment":[{"href":"https:\/\/h2o.com.py\/obras\/wp-json\/wp\/v2\/media?parent=1272"}],"curies":[{"name":"wp","href":"https:\/\/api.w.org\/{rel}","templated":true}]}}